{"id":117517,"date":"2025-11-03T17:33:33","date_gmt":"2025-11-03T15:33:33","guid":{"rendered":"https:\/\/ibizavilla.com\/?post_type=estate_property&#038;p=117517"},"modified":"2025-12-15T15:47:52","modified_gmt":"2025-12-15T14:47:52","slug":"can-chill-2","status":"publish","type":"estate_property","link":"https:\/\/ibizavilla.com\/fr\/can-chill\/","title":{"rendered":"Can Chill, finca r\u00e9nov\u00e9e avec piscine \u00e0 Ibiza, San Jos\u00e9"},"content":{"rendered":"<p data-start=\"0\" data-end=\"228\">Can Chill est une typique maison de campagne r\u00e9cemment r\u00e9nov\u00e9e et situ\u00e9e \u00e0 seulement 5 minutes en voiture de certaines des plus belles plages de l&rsquo;\u00eele et \u00e0 25 minutes de la ville d&rsquo;Eivissa.<\/p>\n<p data-start=\"230\" data-end=\"468\">Cette charmante villa est entour\u00e9e de jardins sauvages et color\u00e9s et dispose d\u2019une piscine de 10 x 4 m avec une terrasse ensoleill\u00e9e et une cabane couverte pour se d\u00e9tendre tout en profitant de la vue sur la mer et le coucher du soleil. Le soir, l\u2019\u00e9clairage de la piscine et du jardin permet de se baigner \u00e0 la tomb\u00e9e de la nuit et de d\u00eener dans une atmosph\u00e8re agr\u00e9able. &lt;<\/p>\n<p data-start=\"230\" data-end=\"468\">Cach\u00e9 dans les bois, un chalet en bois sert de salle de sport ou d\u2019espace de m\u00e9ditation avec vue sur la piscine et la mer.<br \/>\nUn coin barbecue idyllique offre \u00e9galement une vue sur la mer et la campagne environnante.<\/p>\n<p data-start=\"821\" data-end=\"1225\">La villa est lumineuse, fra\u00eeche et a\u00e9r\u00e9e. R\u00e9cemment r\u00e9nov\u00e9e dans un style fusion asiatique m\u00ealant meubles tendance et pi\u00e8ces anciennes, elle d\u00e9gage une ambiance int\u00e9rieure unique.<br \/>\nDepuis le salon, on profite d\u2019une vue imprenable sur la mer, et par temps clair, jusqu\u2019au continent.<br \/>\nL\u2019intimit\u00e9 y est totale, contribuant \u00e0 cr\u00e9er une atmosph\u00e8re paisible et d\u00e9tendue, fid\u00e8le au nom de la maison : <em data-start=\"1211\" data-end=\"1222\">Can Chill<\/em>.<\/p>\n<p data-start=\"1227\" data-end=\"1294\">Terrain de 2 150 m\u00b2, avec 5 chambres doubles et 4 salles de bain.<\/p>\n<p data-start=\"1296\" data-end=\"1323\"><strong data-start=\"1296\" data-end=\"1321\">\u00c0 l\u2019\u00e9tage sup\u00e9rieur :<\/strong><\/p>\n<ul data-start=\"1324\" data-end=\"1899\">\n<li data-start=\"1324\" data-end=\"1385\">\n<p data-start=\"1326\" data-end=\"1385\">1 cuisine ouverte enti\u00e8rement \u00e9quip\u00e9e avec lave-vaisselle<\/p>\n<\/li>\n<li data-start=\"1386\" data-end=\"1467\">\n<p data-start=\"1388\" data-end=\"1467\">salle \u00e0 manger avec acc\u00e8s direct \u00e0 une terrasse couverte et un espace d\u00e9tente<\/p>\n<\/li>\n<li data-start=\"1468\" data-end=\"1519\">\n<p data-start=\"1470\" data-end=\"1519\">salon avec t\u00e9l\u00e9vision par satellite et chemin\u00e9e<\/p>\n<\/li>\n<li data-start=\"1521\" data-end=\"1567\">\n<p data-start=\"1523\" data-end=\"1567\">1 suite parentale avec lit de 180 x 200 cm<\/p>\n<\/li>\n<li data-start=\"1568\" data-end=\"1673\">\n<p data-start=\"1570\" data-end=\"1673\">1 chambre avec 2 lits simples de 90 x 200 cm (boxspring), pouvant \u00eatre r\u00e9unis en lit double king size<\/p>\n<\/li>\n<li data-start=\"1674\" data-end=\"1834\">\n<p data-start=\"1676\" data-end=\"1834\">1 autre chambre avec 2 lits simples de 90 x 200 cm (boxspring), pouvant \u00e9galement \u00eatre r\u00e9unis en lit king size, avec portes vitr\u00e9es donnant sur la terrasse<\/p>\n<\/li>\n<li data-start=\"1835\" data-end=\"1899\">\n<p data-start=\"1837\" data-end=\"1899\">2 salles de bain : l\u2019une avec douche, l\u2019autre avec baignoire<\/p>\n<\/li>\n<\/ul>\n<p data-start=\"1901\" data-end=\"2109\"><strong data-start=\"1901\" data-end=\"1923\">Au rez-de-chauss\u00e9e<\/strong>, avec acc\u00e8s ind\u00e9pendant depuis la maison principale, se trouvent 2 chambres avec lits doubles, salles de bain attenantes et vues magnifiques sur la mer depuis leurs terrasses priv\u00e9es.<\/p>\n<p data-start=\"2111\" data-end=\"2146\" data-is-last-node=\"\" data-is-only-node=\"\">Climatisation et Wi-Fi.<\/p>\n","protected":false},"excerpt":{"rendered":"<p>Can Chill est une typique maison de campagne r\u00e9cemment r\u00e9nov\u00e9e et situ\u00e9e \u00e0 seulement 5 minutes en voiture de certaines des plus belles plages de l&rsquo;\u00eele et \u00e0 25 minutes de la ville d&rsquo;Eivissa. Cette charmante villa est entour\u00e9e de jardins sauvages et color\u00e9s et dispose d\u2019une piscine de 10 x 4 m avec une &#8230;<\/p>\n","protected":false},"featured_media":99304,"comment_status":"closed","ping_status":"closed","template":"","guest-type":[],"class_list":["post-117517","estate_property","type-estate_property","status-publish","has-post-thumbnail","hentry","property_category-rentals","property_action_category-villa-fr","property_city-san-jose","property_area-san-agustin-fr","property_features-kids-friendly","property_features-alarme","property_features-blanchisserie","property_features-chauffage","property_features-climatisation","property_features-cuisine","property_features-parking","property_features-swimming-pool","property_features-safe","property_features-tv","property_features-wifi"],"acf":[],"_links":{"self":[{"href":"https:\/\/ibizavilla.com\/fr\/wp-json\/wp\/v2\/estate_property\/117517","targetHints":{"allow":["GET"]}}],"collection":[{"href":"https:\/\/ibizavilla.com\/fr\/wp-json\/wp\/v2\/estate_property"}],"about":[{"href":"https:\/\/ibizavilla.com\/fr\/wp-json\/wp\/v2\/types\/estate_property"}],"replies":[{"embeddable":true,"href":"https:\/\/ibizavilla.com\/fr\/wp-json\/wp\/v2\/comments?post=117517"}],"wp:featuredmedia":[{"embeddable":true,"href":"https:\/\/ibizavilla.com\/fr\/wp-json\/wp\/v2\/media\/99304"}],"wp:attachment":[{"href":"https:\/\/ibizavilla.com\/fr\/wp-json\/wp\/v2\/media?parent=117517"}],"wp:term":[{"taxonomy":"guest-type","embeddable":true,"href":"https:\/\/ibizavilla.com\/fr\/wp-json\/wp\/v2\/guest-type?post=117517"}],"curies":[{"name":"wp","href":"https:\/\/api.w.org\/{rel}","templated":true}]}}