{"id":117914,"date":"2025-12-15T15:20:45","date_gmt":"2025-12-15T14:20:45","guid":{"rendered":"https:\/\/ibizavilla.com\/?post_type=estate_property&#038;p=117914"},"modified":"2025-12-17T10:06:15","modified_gmt":"2025-12-17T09:06:15","slug":"can-uno-2","status":"publish","type":"estate_property","link":"https:\/\/ibizavilla.com\/fr\/properties\/can-uno-2\/","title":{"rendered":"Can Uno, villa avec vue mer \u00e0 Ibiza, Cala Vadella"},"content":{"rendered":"<p data-start=\"4316\" data-end=\"4581\">Can Uno est une charmante propri\u00e9t\u00e9 situ\u00e9e dans la prestigieuse urbanisation de Cal\u00f3 d\u2019en Real, entre Cala Vadella et Cala Mol\u00ed, sur la c\u00f4te sud-ouest de l\u2019\u00eele, \u00e0 moins de 5 minutes en voiture des plages les plus proches et \u00e0 environ 25 minutes de la ville d\u2019Ibiza. La villa b\u00e9n\u00e9ficie d\u2019un emplacement en premi\u00e8re ligne avec une vue imprenable sur la mer. \u00c0 quelques m\u00e8tres de la maison, un sentier m\u00e8ne \u00e0 une petite crique ferm\u00e9e, entour\u00e9e de rochers en bord de mer, id\u00e9ale pour la baignade et le snorkeling. Les int\u00e9rieurs sont simples mais d\u00e9cor\u00e9s avec go\u00fbt, tout comme le mobilier. La vue sur la mer est \u00e0 couper le souffle.<\/p>\n<p data-start=\"4906\" data-end=\"5143\">La propri\u00e9t\u00e9 se compose d\u2019une maison principale et de deux maisons d\u2019invit\u00e9s, avec des acc\u00e8s ind\u00e9pendants aux chambres. Les deux guesthouses se trouvent \u00e0 quelques pas de la maison principale.<\/p>\n<h3 data-start=\"5145\" data-end=\"5168\">Maison principale<\/h3>\n<p data-start=\"5169\" data-end=\"5560\">Elle dispose d\u2019une cuisine enti\u00e8rement \u00e9quip\u00e9e avec lave-vaisselle, micro-ondes, bouilloire et machine \u00e0 caf\u00e9 Nespresso.<br data-start=\"5289\" data-end=\"5292\" \/>Salle \u00e0 manger avec une grande table pouvant accueillir jusqu\u2019\u00e0 8 personnes et acc\u00e8s direct au salon, \u00e9quip\u00e9 d\u2019une chemin\u00e9e, d\u2019une t\u00e9l\u00e9vision, d\u2019un lecteur DVD, d\u2019enceintes Bluetooth et du Wi-Fi. Acc\u00e8s direct \u00e0 la terrasse de la piscine et \u00e0 la terrasse face \u00e0 la mer.<\/p>\n<h3 data-start=\"5562\" data-end=\"5584\">Suite principale<\/h3>\n<p data-start=\"5585\" data-end=\"5783\">Grande chambre avec acc\u00e8s ind\u00e9pendant et lit king size. Salle de bain en suite avec douche. Acc\u00e8s direct \u00e0 la terrasse de la piscine offrant une vue spectaculaire sur la mer et le coucher de soleil.<\/p>\n<p data-start=\"5785\" data-end=\"6156\">S\u00e9par\u00e9es de la maison principale et de la suite, trois chambres sont r\u00e9parties sur deux niveaux : au niveau inf\u00e9rieur, avec acc\u00e8s ind\u00e9pendant depuis la terrasse de la piscine, se trouvent une chambre double et une chambre avec deux lits simples, partageant une salle de bain. \u00c0 l\u2019\u00e9tage sup\u00e9rieur, une autre chambre avec deux lits simples et une salle de bain avec douche.<\/p>\n<h3 data-start=\"6158\" data-end=\"6173\">Terrasses<\/h3>\n<p data-start=\"6174\" data-end=\"6464\">La partie frontale de la villa donne sur une terrasse ensoleill\u00e9e d\u2019o\u00f9 l\u2019on peut admirer la mer et le coucher du soleil. \u00c0 c\u00f4t\u00e9 de la piscine, une zone chill-out permet de se d\u00e9tendre tout en profitant de la vue sur la mer. \u00c0 proximit\u00e9 se trouve \u00e9galement un espace repas ext\u00e9rieur couvert.<\/p>\n<p data-start=\"6466\" data-end=\"6562\">Climatisation dans toutes les chambres et dans la villa principale.<br data-start=\"6533\" data-end=\"6536\" \/>Lave-linge et s\u00e8che-linge.<\/p>\n","protected":false},"excerpt":{"rendered":"<p>Can Uno est une charmante propri\u00e9t\u00e9 situ\u00e9e dans la prestigieuse urbanisation de Cal\u00f3 d\u2019en Real, entre Cala Vadella et Cala Mol\u00ed, sur la c\u00f4te sud-ouest de l\u2019\u00eele, \u00e0 moins de 5 minutes en voiture des plages les plus proches et \u00e0 environ 25 minutes de la ville d\u2019Ibiza. La villa b\u00e9n\u00e9ficie d\u2019un emplacement en premi\u00e8re &#8230;<\/p>\n","protected":false},"featured_media":117915,"comment_status":"closed","ping_status":"closed","template":"","guest-type":[],"class_list":["post-117914","estate_property","type-estate_property","status-publish","has-post-thumbnail","hentry","property_category-rentals","property_action_category-villa-fr","property_city-san-jose","property_area-cala-moli-fr","property_area-cala-vedella-fr","property_features-blanchisserie","property_features-climatisation","property_features-cuisine","property_features-parking","property_features-swimming-pool","property_features-premiere-ligne-mer","property_features-tv","property_features-vue-sur-la-mer","property_features-wifi"],"acf":[],"_links":{"self":[{"href":"https:\/\/ibizavilla.com\/fr\/wp-json\/wp\/v2\/estate_property\/117914","targetHints":{"allow":["GET"]}}],"collection":[{"href":"https:\/\/ibizavilla.com\/fr\/wp-json\/wp\/v2\/estate_property"}],"about":[{"href":"https:\/\/ibizavilla.com\/fr\/wp-json\/wp\/v2\/types\/estate_property"}],"replies":[{"embeddable":true,"href":"https:\/\/ibizavilla.com\/fr\/wp-json\/wp\/v2\/comments?post=117914"}],"wp:featuredmedia":[{"embeddable":true,"href":"https:\/\/ibizavilla.com\/fr\/wp-json\/wp\/v2\/media\/117915"}],"wp:attachment":[{"href":"https:\/\/ibizavilla.com\/fr\/wp-json\/wp\/v2\/media?parent=117914"}],"wp:term":[{"taxonomy":"guest-type","embeddable":true,"href":"https:\/\/ibizavilla.com\/fr\/wp-json\/wp\/v2\/guest-type?post=117914"}],"curies":[{"name":"wp","href":"https:\/\/api.w.org\/{rel}","templated":true}]}}